{"id":47,"date":"2019-03-19T15:26:40","date_gmt":"2019-03-19T14:26:40","guid":{"rendered":"http:\/\/cyclesetrecycle.fr\/?page_id=47"},"modified":"2025-09-10T19:59:32","modified_gmt":"2025-09-10T17:59:32","slug":"latelier-cest-quoi","status":"publish","type":"page","link":"https:\/\/cyclesetrecycle.fr\/?page_id=47","title":{"rendered":"C&rsquo;est quoi?"},"content":{"rendered":"\n<p> <strong>Cycles &amp; Recycle est la pour vous d\u00e9panner ou vous  d\u00e9barrasser! On prend tout! on d\u00e9panne tout! Nous sommes IRR\u00c9SISTIBLES!<br> <br> Vous n\u2019aurez plus de pr\u00e9texte pour ne pas faire de v\u00e9lo, Cycles et Recycle vous remet en selle illico!<\/strong><br><br>C&rsquo;est participatif (normalement c&rsquo;est vous qui faites mais pas de panique, on est la quand m\u00eame&#8230;) et m\u00eame solidaire : Vous avez pas de ronds? Faites les yeux ronds!<strong><br><\/strong><\/p>\n\n\n\n<p><a href=\"https:\/\/rambouilletentransition.files.wordpress.com\/2014\/06\/10417446_675112972567341_6398581355330742274_n.jpg\"><strong>Les dons:<\/strong><\/a><br>Les v\u00e9los que vous donnez sont soient r\u00e9par\u00e9s et remis \u00e0 la disposition  de ceux qui en on besoin, soient d\u00e9mont\u00e9s pour pi\u00e8ce, les pi\u00e8ces servant  \u00e0 d\u2019autres r\u00e9parations. Ainsi nous r\u00e9duisons les frais et limitons le  gaspillage.<\/p>\n\n\n\n<p>Les v\u00e9los sont toujours r\u00e9par\u00e9s avec soins, nous offrons toujours des v\u00e9los de qualit\u00e9!<\/p>\n\n\n\n<p><a href=\"https:\/\/rambouilletentransition.files.wordpress.com\/2014\/06\/10417446_675112972567341_6398581355330742274_n.jpg\"><strong>Les r\u00e9parations:<\/strong><\/a><br>Venez avec votre v\u00e9lo \u00e0 la main et vous repartez avec votre v\u00e9lo sous  les fesses! La r\u00e9paration ne dure jamais longtemps. Si la r\u00e9paration est  compliqu\u00e9e on remplace avec des pi\u00e8ces de rechange.<\/p>\n\n\n\n<p><a href=\"https:\/\/rambouilletentransition.files.wordpress.com\/2014\/06\/10417446_675112972567341_6398581355330742274_n.jpg\"><strong>Les pr\u00eats:<\/strong><br><\/a>On pr\u00eate des v\u00e9los aussi, \u00e7a nous arrive\u2026<\/p>\n","protected":false},"excerpt":{"rendered":"<p>Cycles &amp; Recycle est la pour vous d\u00e9panner ou vous d\u00e9barrasser! On prend tout! on d\u00e9panne tout! Nous sommes IRR\u00c9SISTIBLES! Vous n\u2019aurez plus de pr\u00e9texte pour ne pas faire de v\u00e9lo, Cycles et Recycle vous remet en selle illico! C&rsquo;est participatif (normalement c&rsquo;est vous qui faites mais pas de panique, on est la quand m\u00eame&#8230;) &hellip; <\/p>\n<p class=\"link-more\"><a href=\"https:\/\/cyclesetrecycle.fr\/?page_id=47\" class=\"more-link\">Continuer la lecture<span class=\"screen-reader-text\"> de &laquo;&nbsp;C&rsquo;est quoi?&nbsp;&raquo;<\/span><\/a><\/p>\n","protected":false},"author":54169,"featured_media":0,"parent":0,"menu_order":0,"comment_status":"closed","ping_status":"closed","template":"","meta":{"footnotes":""},"class_list":["post-47","page","type-page","status-publish","hentry"],"_links":{"self":[{"href":"https:\/\/cyclesetrecycle.fr\/index.php?rest_route=\/wp\/v2\/pages\/47","targetHints":{"allow":["GET"]}}],"collection":[{"href":"https:\/\/cyclesetrecycle.fr\/index.php?rest_route=\/wp\/v2\/pages"}],"about":[{"href":"https:\/\/cyclesetrecycle.fr\/index.php?rest_route=\/wp\/v2\/types\/page"}],"author":[{"embeddable":true,"href":"https:\/\/cyclesetrecycle.fr\/index.php?rest_route=\/wp\/v2\/users\/54169"}],"replies":[{"embeddable":true,"href":"https:\/\/cyclesetrecycle.fr\/index.php?rest_route=%2Fwp%2Fv2%2Fcomments&post=47"}],"version-history":[{"count":11,"href":"https:\/\/cyclesetrecycle.fr\/index.php?rest_route=\/wp\/v2\/pages\/47\/revisions"}],"predecessor-version":[{"id":777,"href":"https:\/\/cyclesetrecycle.fr\/index.php?rest_route=\/wp\/v2\/pages\/47\/revisions\/777"}],"wp:attachment":[{"href":"https:\/\/cyclesetrecycle.fr\/index.php?rest_route=%2Fwp%2Fv2%2Fmedia&parent=47"}],"curies":[{"name":"wp","href":"https:\/\/api.w.org\/{rel}","templated":true}]}}