{"id":222,"date":"2019-03-20T21:14:21","date_gmt":"2019-03-20T20:14:21","guid":{"rendered":"http:\/\/cyclesetrecycle.fr\/?page_id=222"},"modified":"2020-06-16T09:36:37","modified_gmt":"2020-06-16T07:36:37","slug":"le-manifeste-cycle-recycle","status":"publish","type":"page","link":"https:\/\/cyclesetrecycle.fr\/?page_id=222","title":{"rendered":"Le manifeste Cycles &#038; Recycle"},"content":{"rendered":"\n<h1 class=\"wp-block-heading\"><strong>Manifeste pour un Cycle vertueux<\/strong><\/h1>\n\n\n\n<p>R\u00e9chauffement climatique, \u00e9puisement des ressources naturelles<strong>*<\/strong>,\n quelles belles perspectives\u2026 Parce que le v\u00e9lo fait beaucoup et peut \nbeaucoup, il doit apporter SA r\u00e9ponse aux grands d\u00e9fis de notre temps.<\/p>\n\n\n\n<p><strong>Je cycle, tu cycles, nous recyclons<\/strong><br> En r\u00e9cup\u00e9rant et en donnant un second souffle \u00e0 nos deux roues, Cycles  &amp; Recycle entend lutter contre le grand gaspillage dans l\u2019esprit  m\u00eame de l\u2019\u00e9conomie circulaire et de la n\u00e9cessaire r\u00e9silience.<\/p>\n\n\n\n<h1 class=\"wp-block-heading\"><a href=\"https:\/\/rambouilletentransition.files.wordpress.com\/2014\/09\/cr.gif\"><\/a><\/h1>\n\n\n\n<p><strong>Quoi ? R\u00e9silience avez-vous dit ?<\/strong><br> Il n\u2019est (h\u00e9las !) nulle croissance illimit\u00e9e dans un monde aux  richesses limit\u00e9es. Si les perspectives de frugalit\u00e9 ne font gu\u00e8re  r\u00eaver, elles sont pourtant notre avenir \u00e0 tous ! Alors quitte \u00e0 y aller,  allons-y debout sur les p\u00e9dales ! Cycles &amp; Recycle entend donc  promouvoir les v\u00e9hicules propuls\u00e9s \u00e0 la seule \u00e9nergie musculaire, bons  pour la sant\u00e9, bons pour la plan\u00e8te et bons pour le porte-monnaie!  L\u2019heure est aux \u00e9conomies ? Alors ECO no MISONS (en p\u00e9dalant) ! <\/p>\n\n\n\n<p><strong>NON au cerveau pr\u00e9dateur, OUI au cerveau p\u00e9daleur<\/strong><br>VROUM ! VROUM LA VOITURE ! Si l\u2019automobile flatte nos cortexs  reptiliens, place aux n\u00e9ocortex cortiqu\u00e9s ! Sur la route comme dans la  vie, il est temps de promouvoir la frugalit\u00e9, la simplicit\u00e9  et l\u2019humanisme ! <\/p>\n\n\n\n<p><strong>Des mollets et des cl\u00e9s \u00e0 molettes<br><\/strong>R\u00e9parer un v\u00e9lo? pas si simple ! Dans un pur esprit  d\u2019entraide, Cycles &amp; Recycle entend transmettre ses  comp\u00e9tences \u00e0 des personnes en insertion qui \u00e9prouvent le besoin de  s\u2019\u00e9manciper dans l\u2019apprentissage d\u2019un m\u00e9tier captivant.<\/p>\n\n\n\n<blockquote class=\"wp-block-quote is-layout-flow wp-block-quote-is-layout-flow\"><p><\/p><\/blockquote>\n","protected":false},"excerpt":{"rendered":"<p>Manifeste pour un Cycle vertueux R\u00e9chauffement climatique, \u00e9puisement des ressources naturelles*, quelles belles perspectives\u2026 Parce que le v\u00e9lo fait beaucoup et peut beaucoup, il doit apporter SA r\u00e9ponse aux grands d\u00e9fis de notre temps. Je cycle, tu cycles, nous recyclons En r\u00e9cup\u00e9rant et en donnant un second souffle \u00e0 nos deux roues, Cycles &amp; Recycle &hellip; <\/p>\n<p class=\"link-more\"><a href=\"https:\/\/cyclesetrecycle.fr\/?page_id=222\" class=\"more-link\">Continuer la lecture<span class=\"screen-reader-text\"> de &laquo;&nbsp;Le manifeste Cycles &#038; Recycle&nbsp;&raquo;<\/span><\/a><\/p>\n","protected":false},"author":54169,"featured_media":0,"parent":0,"menu_order":0,"comment_status":"closed","ping_status":"closed","template":"","meta":{"footnotes":""},"class_list":["post-222","page","type-page","status-publish","hentry"],"_links":{"self":[{"href":"https:\/\/cyclesetrecycle.fr\/index.php?rest_route=\/wp\/v2\/pages\/222","targetHints":{"allow":["GET"]}}],"collection":[{"href":"https:\/\/cyclesetrecycle.fr\/index.php?rest_route=\/wp\/v2\/pages"}],"about":[{"href":"https:\/\/cyclesetrecycle.fr\/index.php?rest_route=\/wp\/v2\/types\/page"}],"author":[{"embeddable":true,"href":"https:\/\/cyclesetrecycle.fr\/index.php?rest_route=\/wp\/v2\/users\/54169"}],"replies":[{"embeddable":true,"href":"https:\/\/cyclesetrecycle.fr\/index.php?rest_route=%2Fwp%2Fv2%2Fcomments&post=222"}],"version-history":[{"count":14,"href":"https:\/\/cyclesetrecycle.fr\/index.php?rest_route=\/wp\/v2\/pages\/222\/revisions"}],"predecessor-version":[{"id":623,"href":"https:\/\/cyclesetrecycle.fr\/index.php?rest_route=\/wp\/v2\/pages\/222\/revisions\/623"}],"wp:attachment":[{"href":"https:\/\/cyclesetrecycle.fr\/index.php?rest_route=%2Fwp%2Fv2%2Fmedia&parent=222"}],"curies":[{"name":"wp","href":"https:\/\/api.w.org\/{rel}","templated":true}]}}